{"id":307,"date":"2016-12-06T04:14:15","date_gmt":"2016-12-06T04:14:15","guid":{"rendered":"http:\/\/biim.ci\/?page_id=307"},"modified":"2020-10-26T08:24:09","modified_gmt":"2020-10-26T08:24:09","slug":"actualite","status":"publish","type":"page","link":"https:\/\/biim.ci\/en\/actualite\/","title":{"rendered":"News"},"content":{"rendered":"<div class=\"wpb-content-wrapper\"><div class=\"vc_row wpb_row vc_row-fluid vc_row-o-equal-height vc_row-flex\"><div class=\"wpb_column vc_column_container vc_col-sm-12\"><div class=\"vc_column-inner\"><div class=\"wpb_wrapper\"><div class=\"g5plus-heading style2 text-left color-dark\" >\n    <span><\/span>\n                <h2>COMPRENDRE LE DOMAINE DE L&#039;IMMOBILIER<\/h2>\n    <\/div><div class=\"g5plus-space space-69f4dd76953eb\" data-id=\"69f4dd76953eb\" data-tablet=\"70\" data-tablet-portrait=\"60\" data-mobile=\"40\" data-mobile-landscape=\"50\" style=\"clear: both; display: block; height: 30px\"><\/div>    <div class=\"archive-wrap clearfix  archive-large-image\">\n        <div class=\"blog-wrap clearfix\">\n\t\t\t<article id=\"post-35200\"  class=\"gf-item-wrap clearfix post-large-image post-35200 post type-post status-publish format-standard has-post-thumbnail hentry category-actualite\">\n\t\n            <div class=\"entry-thumb-wrap\">\n            <div class=\"entry-thumbnail\">\n\t\t\t<a href=\"https:\/\/biim.ci\/en\/lancement-de-la-ligne-de-bus-a-haut-niveau-de-service-brt-yopougon-bingerville-une-revolution-dans-le-transport-urbain\/\" title=\"Lancement de la Ligne de Bus \u00e0 Haut Niveau de Service (BRT) Yopougon-Bingerville : Une R\u00e9volution dans le Transport Urbain\" class=\"entry-thumbnail-overlay\">\n\t\t\t\t\t\t<img decoding=\"async\" width='1170' height='380' src=\"https:\/\/biim.ci\/wp-content\/uploads\/2024\/07\/Projet-BRT-de-bingerville--1170x380.png\"\n\t\t\t                                           alt=\"Lancement de la Ligne de Bus \u00e0 Haut Niveau de Service (BRT) Yopougon-Bingerville : Une R\u00e9volution dans le Transport Urbain\" class=\"img-responsive\">\n\t\t\t\t<\/a>\n\t<a data-thumb-src=\"https:\/\/biim.ci\/wp-content\/uploads\/2024\/07\/Projet-BRT-de-bingerville--150x150.png\" data-gallery-id=\"25447537\"\n\t   data-rel=\"lightGallery\" href=\"https:\/\/biim.ci\/wp-content\/uploads\/2024\/07\/Projet-BRT-de-bingerville-.png\" class=\"zoomGallery\"><i\n\t\t\tclass=\"fa fa-expand\"><\/i><\/a>\n<\/div>        <\/div>\n    \t<div class=\"entry-post-meta clearfix\">\n\t\t<div class=\"entry-meta-date\">\n\t\t\t<i class=\"icon-calendar2\"><\/i> <a href=\"https:\/\/biim.ci\/en\/lancement-de-la-ligne-de-bus-a-haut-niveau-de-service-brt-yopougon-bingerville-une-revolution-dans-le-transport-urbain\/\">07\/16\/2024<\/a>\t\t<\/div>\n\t\t<div class=\"entry-meta-author\">\n\t\t\t<i class=\"icon-user2\"><\/i> <a href=\"https:\/\/biim.ci\/en\/author\/mariam\/\">Mariam Ouattara<\/a>\t\t<\/div>\n\t\t<div class=\"entry-meta-cat\">\n\t\t\t<i class=\"icon-tags2\"><\/i>\n\n\t\t\t\t\t\t\t\t\t<span>\n\t\t\t\t\t\tPosted in\t\t\t\t\t<\/span>\n\t\t\t\t\t<ul>\n\t\t\t\t\t\t\t\t\t\t\t\t\t\t\t\t\t\t\t\t\t\t\t\t\t\t\t\t\t\t<li class=\"category-item\">\n\t\t\t\t\t\t\t\t\t\t<a href=\"https:\/\/biim.ci\/en\/category\/actualite\/\" title=\"Actualit\u00e9\">Actualit\u00e9<\/a>\n\t\t\t\t\t\t\t\t\t<\/li>\n\t\t\t\t\t\t\t\t\t\t\t\t\t\t\t\t\t\t\t\t\t\t\t\t\t\t\t\t\t\t\t\t\t\t\t<\/ul>\n\t\t\t\t\t\t<\/div>\n\t\t\t<\/div>\n\t<div class=\"entry-content-wrap\">\n\t\t<h3 class=\"entry-post-title\"><a title=\"Lancement de la Ligne de Bus \u00e0 Haut Niveau de Service (BRT) Yopougon-Bingerville : Une R\u00e9volution dans le Transport Urbain\"\n\t\t\t\t\t\t\t\t\t\thref=\"https:\/\/biim.ci\/en\/lancement-de-la-ligne-de-bus-a-haut-niveau-de-service-brt-yopougon-bingerville-une-revolution-dans-le-transport-urbain\/\">Lancement de la Ligne de Bus \u00e0 Haut Niveau de Service (BRT) Yopougon-Bingerville : Une R\u00e9volution dans le Transport Urbain<\/a><\/h3>\n\t\t<div class=\"entry-excerpt\">\n\t\t\t<p>Le syst\u00e8me de transport public de la C\u00f4te d&rsquo;Ivoire s&rsquo;appr\u00eate \u00e0 vivre une v\u00e9ritable r\u00e9volution avec l&rsquo;introduction de la ligne de Bus \u00e0 Haut Niveau de Service (BRT) Yopougon-Bingerville. Ce projet ambitieux, qui vise \u00e0 moderniser et \u00e0 fluidifier le r\u00e9seau de transport urbain, est une initiative majeure pour am\u00e9liorer la mobilit\u00e9 dans la r\u00e9gion [&hellip;]<\/p>\n\t\t<\/div>\n\t\t<a href=\"https:\/\/biim.ci\/en\/lancement-de-la-ligne-de-bus-a-haut-niveau-de-service-brt-yopougon-bingerville-une-revolution-dans-le-transport-urbain\/\" class=\"blog-read-more\">\n\t\t\tRead More\t\t<\/a>\n\t<\/div>\n<\/article>\n        <\/div>\n\t\t    <\/div>\n\n<div class=\"vc_grid-container-wrapper vc_clearfix vc_grid-animation-fadeIn\">\n\t<div class=\"vc_grid-container vc_clearfix wpb_content_element vc_basic_grid\" data-initial-loading-animation=\"fadeIn\" data-vc-grid-settings=\"{&quot;page_id&quot;:35200,&quot;style&quot;:&quot;all&quot;,&quot;action&quot;:&quot;vc_get_vc_grid_data&quot;,&quot;shortcode_id&quot;:&quot;1603700524755-a82cddd9-33ae-9&quot;,&quot;tag&quot;:&quot;vc_basic_grid&quot;}\" data-vc-request=\"https:\/\/biim.ci\/wp-admin\/admin-ajax.php\" data-vc-post-id=\"35200\" data-vc-public-nonce=\"7f9a73a18f\">\n\t\t<style data-type=\"vc_shortcodes-custom-css\">.vc_custom_1419240516480{background-color: #f9f9f9 !important;}<\/style><div class=\"vc_grid vc_row vc_grid-gutter-5px vc_pageable-wrapper vc_hook_hover\" data-vc-pageable-content=\"true\"><div class=\"vc_pageable-slide-wrapper vc_clearfix\" data-vc-grid-content=\"true\"><div class=\"vc_grid-item vc_clearfix vc_col-sm-4 vc_grid-item-zone-c-bottom\"><div class=\"vc_grid-item-mini vc_clearfix \"><div class=\"vc_gitem-animated-block\" ><div class=\"vc_gitem-zone vc_gitem-zone-a vc-gitem-zone-height-mode-auto vc-gitem-zone-height-mode-auto-1-1 vc_gitem-is-link\" style=\"background-image: url('https:\/\/biim.ci\/wp-content\/uploads\/2023\/08\/yamoussa-et-bruno.webp') !important;\"><a href=\"https:\/\/biim.ci\/en\/lancement-dun-programme-immobilier-dans-la-bagoue\/\" title=\"LANCEMENT D\u2019UN PROGRAMME IMMOBILIER DANS LA BAGOUE\" class=\"vc_gitem-link vc-zone-link\" ><\/a><img decoding=\"async\" class=\"vc_gitem-zone-img\" src=\"https:\/\/biim.ci\/wp-content\/uploads\/2023\/08\/yamoussa-et-bruno.webp\" alt=\"LANCEMENT D\u2019UN PROGRAMME IMMOBILIER DANS LA BAGOUE\"><div class=\"vc_gitem-zone-mini\"><\/div><\/div><\/div><div class=\"vc_gitem-zone vc_gitem-zone-c vc_custom_1419240516480\"><div class=\"vc_gitem-zone-mini\"><div class=\"vc_gitem_row vc_row vc_gitem-row-position-top\"><div class=\"vc_col-sm-12 vc_gitem-col vc_gitem-col-align-\"><div class=\"vc_custom_heading vc_gitem-post-data vc_gitem-post-data-source-post_title\" ><h4 style=\"text-align: left\" >LANCEMENT D\u2019UN PROGRAMME IMMOBILIER DANS LA BAGOUE<\/h4><\/div><div class=\"vc_custom_heading vc_gitem-post-data vc_gitem-post-data-source-post_excerpt\" ><p style=\"text-align: left\" ><p>Ce jeudi 17 aout 2023 a eu lieu la c\u00e9r\u00e9monie de pose de la premi\u00e8re pierre d\u2019un nouveau programme immobilier de haut standing dans la bagoue. Plac\u00e9 sous le parrainage de monsieur BRUNO KON\u00c9, ce programme est pr\u00e9vu pour \u00eatre ex\u00e9cut\u00e9 dans les villes de KOUTO et KOLIA dans le nord de la c\u00f4te d\u2019ivoire. [&hellip;]<\/p>\n<\/p><\/div><div class=\"vc_btn3-container vc_btn3-left\"><a class=\"vc_general vc_btn3 vc_btn3-size-md vc_btn3-shape-rounded vc_btn3-style-flat vc_btn3-color-juicy-pink\" a href=\"https:\/\/biim.ci\/en\/lancement-dun-programme-immobilier-dans-la-bagoue\/\" class=\"vc_gitem-link vc_general vc_btn3 vc_general vc_btn3 vc_btn3-size-md vc_btn3-shape-rounded vc_btn3-style-flat vc_btn3-color-juicy-pink\" title=\"Read more\">Read more<\/a><\/div><\/div><\/div><\/div><\/div><\/div><div class=\"vc_clearfix\"><\/div><\/div><div class=\"vc_grid-item vc_clearfix vc_col-sm-4 vc_grid-item-zone-c-bottom\"><div class=\"vc_grid-item-mini vc_clearfix \"><div class=\"vc_gitem-animated-block\" ><div class=\"vc_gitem-zone vc_gitem-zone-a vc-gitem-zone-height-mode-auto vc-gitem-zone-height-mode-auto-1-1 vc_gitem-is-link\" style=\"background-image: url('https:\/\/biim.ci\/wp-content\/uploads\/2023\/06\/Un-programme-immobilier-illegal.webp') !important;\"><a href=\"https:\/\/biim.ci\/en\/un-projet-immobilier-illegal\/\" title=\"UN PROJET IMMOBILIER ILL\u00c9GAL\" class=\"vc_gitem-link vc-zone-link\" ><\/a><img decoding=\"async\" class=\"vc_gitem-zone-img\" src=\"https:\/\/biim.ci\/wp-content\/uploads\/2023\/06\/Un-programme-immobilier-illegal.webp\" alt=\"UN PROJET IMMOBILIER ILL\u00c9GAL\"><div class=\"vc_gitem-zone-mini\"><\/div><\/div><\/div><div class=\"vc_gitem-zone vc_gitem-zone-c vc_custom_1419240516480\"><div class=\"vc_gitem-zone-mini\"><div class=\"vc_gitem_row vc_row vc_gitem-row-position-top\"><div class=\"vc_col-sm-12 vc_gitem-col vc_gitem-col-align-\"><div class=\"vc_custom_heading vc_gitem-post-data vc_gitem-post-data-source-post_title\" ><h4 style=\"text-align: left\" >UN PROJET IMMOBILIER ILL\u00c9GAL<\/h4><\/div><div class=\"vc_custom_heading vc_gitem-post-data vc_gitem-post-data-source-post_excerpt\" ><p style=\"text-align: left\" ><p>Suite au communiqu\u00e9 du minist\u00e8re ivoirien de la Construction, du logement et de l\u2019urbanisme (MCLU) indiquant qu\u2019\u00ab aucun promoteur immobilier agr\u00e9\u00e9 du nom de L\u00e9gendaire immobilier ivoirien L2I, ni de programmes immobiliers agr\u00e9\u00e9s d\u00e9nomm\u00e9s GAHIE 3 et GAHIE 5 \u00bb n\u2019existent dans ses fichiers, l\u2019entreprise incrimin\u00e9e a fait une sortie au cours de laquelle ses [&hellip;]<\/p>\n<\/p><\/div><div class=\"vc_btn3-container vc_btn3-left\"><a class=\"vc_general vc_btn3 vc_btn3-size-md vc_btn3-shape-rounded vc_btn3-style-flat vc_btn3-color-juicy-pink\" a href=\"https:\/\/biim.ci\/en\/un-projet-immobilier-illegal\/\" class=\"vc_gitem-link vc_general vc_btn3 vc_general vc_btn3 vc_btn3-size-md vc_btn3-shape-rounded vc_btn3-style-flat vc_btn3-color-juicy-pink\" title=\"Read more\">Read more<\/a><\/div><\/div><\/div><\/div><\/div><\/div><div class=\"vc_clearfix\"><\/div><\/div><div class=\"vc_grid-item vc_clearfix vc_col-sm-4 vc_grid-item-zone-c-bottom\"><div class=\"vc_grid-item-mini vc_clearfix \"><div class=\"vc_gitem-animated-block\" ><div class=\"vc_gitem-zone vc_gitem-zone-a vc-gitem-zone-height-mode-auto vc-gitem-zone-height-mode-auto-1-1 vc_gitem-is-link\" style=\"background-image: url('https:\/\/biim.ci\/wp-content\/uploads\/2023\/06\/attestation-de-droit-dusage-coutumier.jpg') !important;\"><a href=\"https:\/\/biim.ci\/en\/suppression-de-lattestation-villageoise-dans-le-foncier-ivoirien\/\" title=\"SUPPRESSION DE L\u2019ATTESTATION VILLAGEOISE DANS LE FONCIER IVOIRIEN\" class=\"vc_gitem-link vc-zone-link\" ><\/a><img decoding=\"async\" class=\"vc_gitem-zone-img\" src=\"https:\/\/biim.ci\/wp-content\/uploads\/2023\/06\/attestation-de-droit-dusage-coutumier.jpg\" alt=\"SUPPRESSION DE L\u2019ATTESTATION VILLAGEOISE DANS LE FONCIER IVOIRIEN\"><div class=\"vc_gitem-zone-mini\"><\/div><\/div><\/div><div class=\"vc_gitem-zone vc_gitem-zone-c vc_custom_1419240516480\"><div class=\"vc_gitem-zone-mini\"><div class=\"vc_gitem_row vc_row vc_gitem-row-position-top\"><div class=\"vc_col-sm-12 vc_gitem-col vc_gitem-col-align-\"><div class=\"vc_custom_heading vc_gitem-post-data vc_gitem-post-data-source-post_title\" ><h4 style=\"text-align: left\" >SUPPRESSION DE L\u2019ATTESTATION VILLAGEOISE DANS LE FONCIER IVOIRIEN<\/h4><\/div><div class=\"vc_custom_heading vc_gitem-post-data vc_gitem-post-data-source-post_excerpt\" ><p style=\"text-align: left\" ><p>&nbsp;Le conseil des ministres a adopt\u00e9 un projet de loi modifiant la loi du 14 aout 2020 instituant le code de l\u2019urbanisme, du domaine foncier urbain, ainsi qu\u2019une communication relative \u00e0 l\u2019introduction de l\u2019attestation de droit d\u2019usage coutumier dans la gestion du foncier urbain en C\u00f4te d&rsquo;Ivoire. En claire, L\u2019attestation villageoise n\u2019est plus valable. Elle [&hellip;]<\/p>\n<\/p><\/div><div class=\"vc_btn3-container vc_btn3-left\"><a class=\"vc_general vc_btn3 vc_btn3-size-md vc_btn3-shape-rounded vc_btn3-style-flat vc_btn3-color-juicy-pink\" a href=\"https:\/\/biim.ci\/en\/suppression-de-lattestation-villageoise-dans-le-foncier-ivoirien\/\" class=\"vc_gitem-link vc_general vc_btn3 vc_general vc_btn3 vc_btn3-size-md vc_btn3-shape-rounded vc_btn3-style-flat vc_btn3-color-juicy-pink\" title=\"Read more\">Read more<\/a><\/div><\/div><\/div><\/div><\/div><\/div><div class=\"vc_clearfix\"><\/div><\/div><div class=\"vc_grid-item vc_clearfix vc_col-sm-4 vc_grid-item-zone-c-bottom\"><div class=\"vc_grid-item-mini vc_clearfix \"><div class=\"vc_gitem-animated-block\" ><div class=\"vc_gitem-zone vc_gitem-zone-a vc-gitem-zone-height-mode-auto vc-gitem-zone-height-mode-auto-1-1 vc_gitem-is-link\" style=\"background-image: url('https:\/\/biim.ci\/wp-content\/uploads\/2023\/05\/Copie-de-Wallaye-keh-si-tu-es-fache-il-faut-payer-pour-toi-24.png') !important;\"><a href=\"https:\/\/biim.ci\/en\/les-avantages-et-les-inconvenients-de-lachat-dune-ancienne-maison-en-cote-divoire\/\" title=\"LES AVANTAGES ET LES INCONV\u00c9NIENTS DE L\u2019ACHAT D\u2019UNE ANCIENNE MAISON EN COTE D\u2019IVOIRE\" class=\"vc_gitem-link vc-zone-link\" ><\/a><img decoding=\"async\" class=\"vc_gitem-zone-img\" src=\"https:\/\/biim.ci\/wp-content\/uploads\/2023\/05\/Copie-de-Wallaye-keh-si-tu-es-fache-il-faut-payer-pour-toi-24.png\" alt=\"LES AVANTAGES ET LES INCONV\u00c9NIENTS DE L\u2019ACHAT D\u2019UNE ANCIENNE MAISON EN COTE D\u2019IVOIRE\"><div class=\"vc_gitem-zone-mini\"><\/div><\/div><\/div><div class=\"vc_gitem-zone vc_gitem-zone-c vc_custom_1419240516480\"><div class=\"vc_gitem-zone-mini\"><div class=\"vc_gitem_row vc_row vc_gitem-row-position-top\"><div class=\"vc_col-sm-12 vc_gitem-col vc_gitem-col-align-\"><div class=\"vc_custom_heading vc_gitem-post-data vc_gitem-post-data-source-post_title\" ><h4 style=\"text-align: left\" >LES AVANTAGES ET LES INCONV\u00c9NIENTS DE L\u2019ACHAT D\u2019UNE ANCIENNE MAISON EN COTE D\u2019IVOIRE<\/h4><\/div><div class=\"vc_custom_heading vc_gitem-post-data vc_gitem-post-data-source-post_excerpt\" ><p style=\"text-align: left\" ><p>L&rsquo;achat d&rsquo;une ancienne maison en C\u00f4te d&rsquo;Ivoire pr\u00e9sente \u00e0 la fois des avantages et des inconv\u00e9nients. Voici quelques \u00e9l\u00e9ments \u00e0 prendre en compte : Avantages : Inconv\u00e9nients : Il est essentiel de faire inspecter attentivement la maison par un professionnel du b\u00e2timent avant de proc\u00e9der \u00e0 l&rsquo;achat. Cela permettra de d\u00e9terminer l&rsquo;\u00e9tat g\u00e9n\u00e9ral de la [&hellip;]<\/p>\n<\/p><\/div><div class=\"vc_btn3-container vc_btn3-left\"><a class=\"vc_general vc_btn3 vc_btn3-size-md vc_btn3-shape-rounded vc_btn3-style-flat vc_btn3-color-juicy-pink\" a href=\"https:\/\/biim.ci\/en\/les-avantages-et-les-inconvenients-de-lachat-dune-ancienne-maison-en-cote-divoire\/\" class=\"vc_gitem-link vc_general vc_btn3 vc_general vc_btn3 vc_btn3-size-md vc_btn3-shape-rounded vc_btn3-style-flat vc_btn3-color-juicy-pink\" title=\"Read more\">Read more<\/a><\/div><\/div><\/div><\/div><\/div><\/div><div class=\"vc_clearfix\"><\/div><\/div><div class=\"vc_grid-item vc_clearfix vc_col-sm-4 vc_grid-item-zone-c-bottom\"><div class=\"vc_grid-item-mini vc_clearfix \"><div class=\"vc_gitem-animated-block\" ><div class=\"vc_gitem-zone vc_gitem-zone-a vc-gitem-zone-height-mode-auto vc-gitem-zone-height-mode-auto-1-1 vc_gitem-is-link\" style=\"background-image: url('https:\/\/biim.ci\/wp-content\/plugins\/js_composer\/assets\/vc\/vc_gitem_image.png') !important;\"><a href=\"https:\/\/biim.ci\/en\/les-erreurs-a-eviter-lors-de-la-vente-dune-propriete-en-cote-divoire\/\" title=\"LES ERREURS A EVITER LORS DE LA VENTE D&rsquo;UNE PROPRIETE EN COTE D&rsquo;IVOIRE\" class=\"vc_gitem-link vc-zone-link\" ><\/a><img decoding=\"async\" class=\"vc_gitem-zone-img\" src=\"https:\/\/biim.ci\/wp-content\/plugins\/js_composer\/assets\/vc\/vc_gitem_image.png\" alt=\"\"><div class=\"vc_gitem-zone-mini\"><\/div><\/div><\/div><div class=\"vc_gitem-zone vc_gitem-zone-c vc_custom_1419240516480\"><div class=\"vc_gitem-zone-mini\"><div class=\"vc_gitem_row vc_row vc_gitem-row-position-top\"><div class=\"vc_col-sm-12 vc_gitem-col vc_gitem-col-align-\"><div class=\"vc_custom_heading vc_gitem-post-data vc_gitem-post-data-source-post_title\" ><h4 style=\"text-align: left\" >LES ERREURS A EVITER LORS DE LA VENTE D&rsquo;UNE PROPRIETE EN COTE D&rsquo;IVOIRE<\/h4><\/div><div class=\"vc_custom_heading vc_gitem-post-data vc_gitem-post-data-source-post_excerpt\" ><p style=\"text-align: left\" ><p>La vente d&rsquo;une r\u00e9sidence peut \u00eatre un processus complexe, en particulier si vous n&rsquo;\u00eates pas familiaris\u00e9 avec le march\u00e9 immobilier en C\u00f4te d&rsquo;Ivoire. Si vous voulez \u00e9viter les erreurs courantes et maximiser vos chances de r\u00e9ussite, voici quelques conseils \u00e0 suivre. Erreur #1 : Ne pas bien \u00e9valuer la valeur de la r\u00e9sidence L&rsquo;un des [&hellip;]<\/p>\n<\/p><\/div><div class=\"vc_btn3-container vc_btn3-left\"><a class=\"vc_general vc_btn3 vc_btn3-size-md vc_btn3-shape-rounded vc_btn3-style-flat vc_btn3-color-juicy-pink\" a href=\"https:\/\/biim.ci\/en\/les-erreurs-a-eviter-lors-de-la-vente-dune-propriete-en-cote-divoire\/\" class=\"vc_gitem-link vc_general vc_btn3 vc_general vc_btn3 vc_btn3-size-md vc_btn3-shape-rounded vc_btn3-style-flat vc_btn3-color-juicy-pink\" title=\"Read more\">Read more<\/a><\/div><\/div><\/div><\/div><\/div><\/div><div class=\"vc_clearfix\"><\/div><\/div><div class=\"vc_grid-item vc_clearfix vc_col-sm-4 vc_grid-item-zone-c-bottom\"><div class=\"vc_grid-item-mini vc_clearfix \"><div class=\"vc_gitem-animated-block\" ><div class=\"vc_gitem-zone vc_gitem-zone-a vc-gitem-zone-height-mode-auto vc-gitem-zone-height-mode-auto-1-1 vc_gitem-is-link\" style=\"background-image: url('https:\/\/biim.ci\/wp-content\/uploads\/2023\/05\/ARTICLE-BIIM-SUR-LA-SIGNATURE-DE-LACCORD-CADRE.jpg') !important;\"><a href=\"https:\/\/biim.ci\/en\/signature-dun-accord-cadre-de-cooperation-entre-la-cote-divoire-et-le-fond-de-solidarite-africain\/\" title=\"SIGNATURE D\u2019UN ACCORD CADRE DE COOP\u00c9RATION ENTRE LA COTE D\u2019IVOIRE ET LE FOND DE SOLIDARIT\u00c9 AFRICAIN\" class=\"vc_gitem-link vc-zone-link\" ><\/a><img decoding=\"async\" class=\"vc_gitem-zone-img\" src=\"https:\/\/biim.ci\/wp-content\/uploads\/2023\/05\/ARTICLE-BIIM-SUR-LA-SIGNATURE-DE-LACCORD-CADRE.jpg\" alt=\"SIGNATURE D\u2019UN ACCORD CADRE DE COOP\u00c9RATION ENTRE LA COTE D\u2019IVOIRE ET LE FOND DE SOLIDARIT\u00c9 AFRICAIN\"><div class=\"vc_gitem-zone-mini\"><\/div><\/div><\/div><div class=\"vc_gitem-zone vc_gitem-zone-c vc_custom_1419240516480\"><div class=\"vc_gitem-zone-mini\"><div class=\"vc_gitem_row vc_row vc_gitem-row-position-top\"><div class=\"vc_col-sm-12 vc_gitem-col vc_gitem-col-align-\"><div class=\"vc_custom_heading vc_gitem-post-data vc_gitem-post-data-source-post_title\" ><h4 style=\"text-align: left\" >SIGNATURE D\u2019UN ACCORD CADRE DE COOP\u00c9RATION ENTRE LA COTE D\u2019IVOIRE ET LE FOND DE SOLIDARIT\u00c9 AFRICAIN<\/h4><\/div><div class=\"vc_custom_heading vc_gitem-post-data vc_gitem-post-data-source-post_excerpt\" ><p style=\"text-align: left\" ><p>La chambre nationale des promoteurs et constructeurs agr\u00e9\u00e9s de la c\u00f4te d\u2019ivoire, dirig\u00e9e par Siriki SANGAR\u00c9 et le fonds de solidarit\u00e9 africain repr\u00e9sent\u00e9 par son&nbsp;directeur centrale et charg\u00e9 de la strat\u00e9gie du FSA, m. jean N\u2019Nkurunziza, ont sign\u00e9 le jeudi 04 mai 2023,&nbsp;\u00e0 Niamey, au Niger, un accord \u2013cadre de coop\u00e9ration dont l\u2019objet est d\u2019\u0153uvrer [&hellip;]<\/p>\n<\/p><\/div><div class=\"vc_btn3-container vc_btn3-left\"><a class=\"vc_general vc_btn3 vc_btn3-size-md vc_btn3-shape-rounded vc_btn3-style-flat vc_btn3-color-juicy-pink\" a href=\"https:\/\/biim.ci\/en\/signature-dun-accord-cadre-de-cooperation-entre-la-cote-divoire-et-le-fond-de-solidarite-africain\/\" class=\"vc_gitem-link vc_general vc_btn3 vc_general vc_btn3 vc_btn3-size-md vc_btn3-shape-rounded vc_btn3-style-flat vc_btn3-color-juicy-pink\" title=\"Read more\">Read more<\/a><\/div><\/div><\/div><\/div><\/div><\/div><div class=\"vc_clearfix\"><\/div><\/div><div class=\"vc_grid-item vc_clearfix vc_col-sm-4 vc_grid-item-zone-c-bottom\"><div class=\"vc_grid-item-mini vc_clearfix \"><div class=\"vc_gitem-animated-block\" ><div class=\"vc_gitem-zone vc_gitem-zone-a vc-gitem-zone-height-mode-auto vc-gitem-zone-height-mode-auto-1-1 vc_gitem-is-link\" style=\"background-image: url('https:\/\/biim.ci\/wp-content\/uploads\/2023\/04\/imeuble-pyramide-pour-article-biim.jpg') !important;\"><a href=\"https:\/\/biim.ci\/en\/ceremonie-de-remise-officielle-du-projet-pyramide-2023\/\" title=\"C\u00c9R\u00c9MONIE DE REMISE OFFICIELLE DU PROJET \u00ab\u00a0PYRAMIDE 2023\u00a0\u00bb\" class=\"vc_gitem-link vc-zone-link\" ><\/a><img decoding=\"async\" class=\"vc_gitem-zone-img\" src=\"https:\/\/biim.ci\/wp-content\/uploads\/2023\/04\/imeuble-pyramide-pour-article-biim.jpg\" alt=\"C\u00c9R\u00c9MONIE DE REMISE OFFICIELLE DU PROJET \"PYRAMIDE 2023\"\"><div class=\"vc_gitem-zone-mini\"><\/div><\/div><\/div><div class=\"vc_gitem-zone vc_gitem-zone-c vc_custom_1419240516480\"><div class=\"vc_gitem-zone-mini\"><div class=\"vc_gitem_row vc_row vc_gitem-row-position-top\"><div class=\"vc_col-sm-12 vc_gitem-col vc_gitem-col-align-\"><div class=\"vc_custom_heading vc_gitem-post-data vc_gitem-post-data-source-post_title\" ><h4 style=\"text-align: left\" >C\u00c9R\u00c9MONIE DE REMISE OFFICIELLE DU PROJET \u00ab\u00a0PYRAMIDE 2023\u00a0\u00bb<\/h4><\/div><div class=\"vc_custom_heading vc_gitem-post-data vc_gitem-post-data-source-post_excerpt\" ><p style=\"text-align: left\" ><p>Le projet \u00ab\u00a0Pyramide 2023\u00a0\u00bb a \u00e9t\u00e9 officiellement remis le jeudi 23 mars en pr\u00e9sence des autorit\u00e9s en charge de la culture et du tourisme. En effet, L\u2019immeuble La Pyramide a fait peau neuve gr\u00e2ce au talent de plusieurs artistes nationaux et internationaux et C&rsquo;est avec une vive \u00e9motion que le Ministre Bruno Nabagn\u00e9 KON\u00c9 a [&hellip;]<\/p>\n<\/p><\/div><div class=\"vc_btn3-container vc_btn3-left\"><a class=\"vc_general vc_btn3 vc_btn3-size-md vc_btn3-shape-rounded vc_btn3-style-flat vc_btn3-color-juicy-pink\" a href=\"https:\/\/biim.ci\/en\/ceremonie-de-remise-officielle-du-projet-pyramide-2023\/\" class=\"vc_gitem-link vc_general vc_btn3 vc_general vc_btn3 vc_btn3-size-md vc_btn3-shape-rounded vc_btn3-style-flat vc_btn3-color-juicy-pink\" title=\"Read more\">Read more<\/a><\/div><\/div><\/div><\/div><\/div><\/div><div class=\"vc_clearfix\"><\/div><\/div><div class=\"vc_grid-item vc_clearfix vc_col-sm-4 vc_grid-item-zone-c-bottom\"><div class=\"vc_grid-item-mini vc_clearfix \"><div class=\"vc_gitem-animated-block\" ><div class=\"vc_gitem-zone vc_gitem-zone-a vc-gitem-zone-height-mode-auto vc-gitem-zone-height-mode-auto-1-1 vc_gitem-is-link\" style=\"background-image: url('https:\/\/biim.ci\/wp-content\/uploads\/2023\/04\/info-express-biim_ci-1024x767.jpg') !important;\"><a href=\"https:\/\/biim.ci\/en\/suspension-des-lotissements-a-yamoussoukro\/\" title=\"SUSPENSION DES LOTISSEMENTS A YAMOUSSOUKRO\" class=\"vc_gitem-link vc-zone-link\" ><\/a><img decoding=\"async\" class=\"vc_gitem-zone-img\" src=\"https:\/\/biim.ci\/wp-content\/uploads\/2023\/04\/info-express-biim_ci-1024x767.jpg\" alt=\"SUSPENSION DES LOTISSEMENTS A YAMOUSSOUKRO\"><div class=\"vc_gitem-zone-mini\"><\/div><\/div><\/div><div class=\"vc_gitem-zone vc_gitem-zone-c vc_custom_1419240516480\"><div class=\"vc_gitem-zone-mini\"><div class=\"vc_gitem_row vc_row vc_gitem-row-position-top\"><div class=\"vc_col-sm-12 vc_gitem-col vc_gitem-col-align-\"><div class=\"vc_custom_heading vc_gitem-post-data vc_gitem-post-data-source-post_title\" ><h4 style=\"text-align: left\" >SUSPENSION DES LOTISSEMENTS A YAMOUSSOUKRO<\/h4><\/div><div class=\"vc_custom_heading vc_gitem-post-data vc_gitem-post-data-source-post_excerpt\" ><p style=\"text-align: left\" ><p>Le Sous-pr\u00e9fet de Yamoussoukro, Y\u00e9o Dohogninnina, a exprim\u00e9 son point de vue sur les enjeux fonciers et les conflits de chefferie dans la r\u00e9gion. Il a rappel\u00e9 le r\u00f4le des Comit\u00e9s villageois de gestion fonci\u00e8re qui est de s\u00e9curiser les terres des villages et non de les transformer en r\u00e9sidences fonci\u00e8res pour les lotissements. Il [&hellip;]<\/p>\n<\/p><\/div><div class=\"vc_btn3-container vc_btn3-left\"><a class=\"vc_general vc_btn3 vc_btn3-size-md vc_btn3-shape-rounded vc_btn3-style-flat vc_btn3-color-juicy-pink\" a href=\"https:\/\/biim.ci\/en\/suspension-des-lotissements-a-yamoussoukro\/\" class=\"vc_gitem-link vc_general vc_btn3 vc_general vc_btn3 vc_btn3-size-md vc_btn3-shape-rounded vc_btn3-style-flat vc_btn3-color-juicy-pink\" title=\"Read more\">Read more<\/a><\/div><\/div><\/div><\/div><\/div><\/div><div class=\"vc_clearfix\"><\/div><\/div><div class=\"vc_grid-item vc_clearfix vc_col-sm-4 vc_grid-item-zone-c-bottom\"><div class=\"vc_grid-item-mini vc_clearfix \"><div class=\"vc_gitem-animated-block\" ><div class=\"vc_gitem-zone vc_gitem-zone-a vc-gitem-zone-height-mode-auto vc-gitem-zone-height-mode-auto-1-1 vc_gitem-is-link\" style=\"background-image: url('https:\/\/biim.ci\/wp-content\/uploads\/2023\/04\/article-biim-du-du-06-avril-2023-1024x683.jpg') !important;\"><a href=\"https:\/\/biim.ci\/en\/une-application-pour-les-operations-immobilieres\/\" title=\"UNE APPLICATION POUR LES OP\u00c9RATIONS IMMOBILI\u00c8RES\" class=\"vc_gitem-link vc-zone-link\" ><\/a><img decoding=\"async\" class=\"vc_gitem-zone-img\" src=\"https:\/\/biim.ci\/wp-content\/uploads\/2023\/04\/article-biim-du-du-06-avril-2023-1024x683.jpg\" alt=\"UNE APPLICATION POUR LES OP\u00c9RATIONS IMMOBILI\u00c8RES\"><div class=\"vc_gitem-zone-mini\"><\/div><\/div><\/div><div class=\"vc_gitem-zone vc_gitem-zone-c vc_custom_1419240516480\"><div class=\"vc_gitem-zone-mini\"><div class=\"vc_gitem_row vc_row vc_gitem-row-position-top\"><div class=\"vc_col-sm-12 vc_gitem-col vc_gitem-col-align-\"><div class=\"vc_custom_heading vc_gitem-post-data vc_gitem-post-data-source-post_title\" ><h4 style=\"text-align: left\" >UNE APPLICATION POUR LES OP\u00c9RATIONS IMMOBILI\u00c8RES<\/h4><\/div><div class=\"vc_custom_heading vc_gitem-post-data vc_gitem-post-data-source-post_excerpt\" ><p style=\"text-align: left\" ><p>R\u00e9soudre d\u00e9finitivement les probl\u00e9matiques li\u00e9es \u00e0 l\u2019immobilier et surtout lutter contre les nombreuses arnaques qui sont monnaie courante dans ce domaine est un id\u00e9al que bon nombre d\u2019acteurs de l\u2019immobilier souhaitent atteindre. Dans cette optique, Monsieur MONNINT KOULEON qui est un cr\u00e9ateur digital bas\u00e9 \u00e0 BORDEAUX en France a mis sur pied une plateforme num\u00e9rique. [&hellip;]<\/p>\n<\/p><\/div><div class=\"vc_btn3-container vc_btn3-left\"><a class=\"vc_general vc_btn3 vc_btn3-size-md vc_btn3-shape-rounded vc_btn3-style-flat vc_btn3-color-juicy-pink\" a href=\"https:\/\/biim.ci\/en\/une-application-pour-les-operations-immobilieres\/\" class=\"vc_gitem-link vc_general vc_btn3 vc_general vc_btn3 vc_btn3-size-md vc_btn3-shape-rounded vc_btn3-style-flat vc_btn3-color-juicy-pink\" title=\"Read more\">Read more<\/a><\/div><\/div><\/div><\/div><\/div><\/div><div class=\"vc_clearfix\"><\/div><\/div><div class=\"vc_grid-item vc_clearfix vc_col-sm-4 vc_grid-item-zone-c-bottom\"><div class=\"vc_grid-item-mini vc_clearfix \"><div class=\"vc_gitem-animated-block\" ><div class=\"vc_gitem-zone vc_gitem-zone-a vc-gitem-zone-height-mode-auto vc-gitem-zone-height-mode-auto-1-1 vc_gitem-is-link\" style=\"background-image: url('https:\/\/biim.ci\/wp-content\/uploads\/2023\/03\/image-article-sur-le-silab-683x1024.jpg') !important;\"><a href=\"https:\/\/biim.ci\/en\/un-salon-de-limmobilier-destine-aux-operateurs-economique-de-la-diaspora\/\" title=\"UN SALON DE L\u2019IMMOBILIER DESTIN\u00c9 AUX OPERATEURS \u00c9CONOMIQUE DE LA DIASPORA\" class=\"vc_gitem-link vc-zone-link\" ><\/a><img decoding=\"async\" class=\"vc_gitem-zone-img\" src=\"https:\/\/biim.ci\/wp-content\/uploads\/2023\/03\/image-article-sur-le-silab-683x1024.jpg\" alt=\"UN SALON DE L\u2019IMMOBILIER DESTIN\u00c9 AUX OPERATEURS \u00c9CONOMIQUE DE LA DIASPORA\"><div class=\"vc_gitem-zone-mini\"><\/div><\/div><\/div><div class=\"vc_gitem-zone vc_gitem-zone-c vc_custom_1419240516480\"><div class=\"vc_gitem-zone-mini\"><div class=\"vc_gitem_row vc_row vc_gitem-row-position-top\"><div class=\"vc_col-sm-12 vc_gitem-col vc_gitem-col-align-\"><div class=\"vc_custom_heading vc_gitem-post-data vc_gitem-post-data-source-post_title\" ><h4 style=\"text-align: left\" >UN SALON DE L\u2019IMMOBILIER DESTIN\u00c9 AUX OPERATEURS \u00c9CONOMIQUE DE LA DIASPORA<\/h4><\/div><div class=\"vc_custom_heading vc_gitem-post-data vc_gitem-post-data-source-post_excerpt\" ><p style=\"text-align: left\" ><p>Le SILAB (salon ivoirien du logement, de l\u2019assurance et de la banque) est un espace de proximit\u00e9 et d\u2019\u00e9change entre les acqu\u00e9reurs et investisseurs de la diaspora d\u2019une part et les professionnels de l\u2019immobilier, de la banque et de l\u2019assurance de C\u00f4te d&rsquo;Ivoire d\u2019autre part. &nbsp;Le lancement de l\u2019\u00e9dition 2023 s\u2019est tenu ce mercredi 22 [&hellip;]<\/p>\n<\/p><\/div><div class=\"vc_btn3-container vc_btn3-left\"><a class=\"vc_general vc_btn3 vc_btn3-size-md vc_btn3-shape-rounded vc_btn3-style-flat vc_btn3-color-juicy-pink\" a href=\"https:\/\/biim.ci\/en\/un-salon-de-limmobilier-destine-aux-operateurs-economique-de-la-diaspora\/\" class=\"vc_gitem-link vc_general vc_btn3 vc_general vc_btn3 vc_btn3-size-md vc_btn3-shape-rounded vc_btn3-style-flat vc_btn3-color-juicy-pink\" title=\"Read more\">Read more<\/a><\/div><\/div><\/div><\/div><\/div><\/div><div class=\"vc_clearfix\"><\/div><\/div><\/div><\/div>\n\t<\/div>\n<\/div><\/div><\/div><\/div><\/div>\n<\/div>","protected":false},"excerpt":{"rendered":"Le syst\u00e8me de transport public de la C\u00f4te d'Ivoire s'appr\u00eate \u00e0 vivre une v\u00e9ritable r\u00e9volution avec l'introduction de la ligne de Bus \u00e0 Haut Niveau de Service (BRT) Yopougon-Bingerville. Ce projet ambitieux, qui vise \u00e0 moderniser et \u00e0 fluidifier le r\u00e9seau de transport urbain, est une initiative majeure pour am\u00e9liorer la mobilit\u00e9 dans la r\u00e9gion [...]","protected":false},"author":1,"featured_media":0,"parent":0,"menu_order":0,"comment_status":"closed","ping_status":"closed","template":"","meta":{"footnotes":""},"class_list":["post-307","page","type-page","status-publish","hentry"],"_links":{"self":[{"href":"https:\/\/biim.ci\/en\/wp-json\/wp\/v2\/pages\/307","targetHints":{"allow":["GET"]}}],"collection":[{"href":"https:\/\/biim.ci\/en\/wp-json\/wp\/v2\/pages"}],"about":[{"href":"https:\/\/biim.ci\/en\/wp-json\/wp\/v2\/types\/page"}],"author":[{"embeddable":true,"href":"https:\/\/biim.ci\/en\/wp-json\/wp\/v2\/users\/1"}],"replies":[{"embeddable":true,"href":"https:\/\/biim.ci\/en\/wp-json\/wp\/v2\/comments?post=307"}],"version-history":[{"count":3,"href":"https:\/\/biim.ci\/en\/wp-json\/wp\/v2\/pages\/307\/revisions"}],"predecessor-version":[{"id":6826,"href":"https:\/\/biim.ci\/en\/wp-json\/wp\/v2\/pages\/307\/revisions\/6826"}],"wp:attachment":[{"href":"https:\/\/biim.ci\/en\/wp-json\/wp\/v2\/media?parent=307"}],"curies":[{"name":"wp","href":"https:\/\/api.w.org\/{rel}","templated":true}]}}